{"id":377,"date":"2017-10-23T18:16:29","date_gmt":"2017-10-23T17:16:29","guid":{"rendered":"http:\/\/www.laconflagration.com\/GOOB\/?page_id=377"},"modified":"2017-10-23T18:18:36","modified_gmt":"2017-10-23T17:18:36","slug":"equipe","status":"publish","type":"page","link":"https:\/\/www.laconflagration.com\/GOOB\/en\/equipe\/","title":{"rendered":"Equipe"},"content":{"rendered":"<h3 style=\"text-align: justify;\">NICOLAS GUENIAU <strong>&#8211; <\/strong>Architecte \/ Sc\u00e9nographe \/ Costumier<\/h3>\n<p style=\"text-align: justify;\">Dipl\u00f4m\u00e9 de l\u2019Ecole Nationale Sup\u00e9rieure d\u2019Architecture de Paris Belleville en 2007 et de l\u2019Ecole du Th\u00e9\u00e2tre National de Strasbourg (promotion 2010, section sc\u00e9nographie-costumes). Depuis 2010 il travaille alternativement pour le th\u00e9\u00e2tre, l&rsquo;op\u00e9ra et la danse, et a collabor\u00e9 avec Gildas Milin, Jo\u00ebl Jouanneau, Aur\u00e9lia Guillet, Eric Vigner, Vincent Huguet, Charlotte Lagrange, Sophie Hoarau et la compagnie de danse Mossoux-Bont\u00e9. De 2013 \u00e0 2015, il enseigne les arts et l&rsquo;architecture \u00e0 l&rsquo;Ecole Nationale Sup\u00e9rieure d&rsquo;Architecture de Paris-Val de Seine. Il poursuit par ailleurs son parcours d&rsquo;architecte et de sc\u00e9nographe pour des expositions, \u00e9v\u00e8nements et des vitrines (Paul Smith Europe)<\/p>\n<h3 style=\"text-align: justify;\">STEPHANE LEMAIRE &#8211; Photographe \/ \u00c9clairagiste<\/h3>\n<p style=\"text-align: justify;\">En 2006-2007 il obtient un Bac Pro Photographie et int\u00e8gre l&rsquo;\u00e9quipe de <em>L&rsquo;Atelier de Visu<\/em> \u00e0 Marseille. L\u00e0, il assiste les photographes invit\u00e9s, g\u00e8re les r\u00e9sidences et diff\u00e9rents workshops. En 2013, il participe \u00e0 plusieurs expositions dont <em>MRS-LIB STEPHANE(S) FR6531<\/em> aux\u00a0 Ouvertures d&rsquo;Ateliers d&rsquo;Artistes \u00e0 la Straat Galerie, ainsi qu\u2019\u00e0 l&rsquo;exposition <em>Marseille vue par 100 photographes<\/em>. Il pr\u00e9pare actuellement un livre de photographies \u00e9dit\u00e9 par <em>Zo\u00e8me<\/em> et dont la sortie est pr\u00e9vue en 2018. Sa participation \u00e0 l&rsquo;aventure du <em>Labomatic<\/em> et <em>Labomatic 2<\/em>, laboratoires couleur-argentique lui a permis de pratiquer le tirage photographique. Son attrait pour la lumi\u00e8re l&rsquo;a orient\u00e9 vers la lumi\u00e8re en mus\u00e9ographie. Depuis, il s&rsquo;applique \u00e0 \u00e9clairer avec minutie et sensibilit\u00e9 les \u0153uvres expos\u00e9es dans diff\u00e9rents mus\u00e9es comme le MUCEM, l&rsquo;H\u00f4tel Caumont, le Mus\u00e9e Maillol, le Mus\u00e9e Jacquemart-Andr\u00e9 et le Grand Palais.<\/p>\n<h3 style=\"text-align: justify;\">ANNE SOPHIE POPON &#8211; Danseuse \/ Photographe \/ Vid\u00e9aste<\/h3>\n<p style=\"text-align: justify;\">Apr\u00e8s une formation en danse classique puis contemporaine, elle s&rsquo;oriente vers le th\u00e9\u00e2tre et suit des cours \u00e0 Paris au Cours Florent, au Conservatoire du 18\u00e8me, \u00e0 l\u2019\u00e9cole Blanche Sallant. En 2000, apr\u00e8s un DEUG de lettres Modernes, elle entre \u00e0 l&rsquo;\u00e9cole de photographie EFET et en sort dipl\u00f4m\u00e9e en 2002. De 2005 \u00e0 2006, elle embarque en tant que photographe sur le bateau de croisi\u00e8re Le Diamant pendant un an et navigue du P\u00f4le Nord en Antarctique. De retour \u00e0 terre, elle se reconnecte avec le milieu chor\u00e9graphique marseillais. En 2009, elle fonde l&rsquo;association BABEL XIII avec le r\u00e9alisateur Joris Lachaise afin de questionner les relations existantes &#8211; et\/ou \u00e0 inventer entre les arts de la sc\u00e8ne et les arts visuels, entre la danse et la vid\u00e9o. En 2010, avec la chor\u00e9graphe Barbara Sarreau et le cin\u00e9aste Joris Lachaise, elle co-r\u00e9alise la pi\u00e8ce vid\u00e9o-chor\u00e9graphique &#8211; <em>ICI<\/em> &#8211; tourn\u00e9e au Mali, programm\u00e9e par Marseille Objectif Danse et diffus\u00e9e au Th\u00e9\u00e2tre de la Minoterie en 2011. En 2013, elle performe pour le festival <em>Pr\u00e9avis de d\u00e9sordre urbain<\/em> \u00e0 Marseille sur la pi\u00e8ce <em>\u00c9pid\u00e9mie<\/em> de la chor\u00e9graphe Mathilde Montfreux. Elle rencontre le collectif Ici-M\u00eame Grenoble et int\u00e8gre leur projet <em>Op\u00e9ratour<\/em> &#8211; concerts de sons de ville en partenariat avec le Th\u00e9\u00e2tre du Merlan. En 2016, elle obtient un master 2 en Arts de la sc\u00e8ne, dramaturgie et \u00e9criture sc\u00e9nique. En 2015, elle assiste Gurshad Shaheman sur sa pi\u00e8ce <em>Trade me<\/em>. De 2015 \u00e0 2017, elle travaille avec Clara Lepicard en tant qu&rsquo;assistante \u00e0 la mise en sc\u00e8ne sur les pi\u00e8ces <em>All Bovarys, De l&rsquo;imagination<\/em> et en tant qu&rsquo;interpr\u00e8te sur <em>Les Sir\u00e8nes Internationales<\/em> (2015) et <em>UJSRA<\/em> (2017). Elle collabore avec Mathilde Montfreux et Nathalie Hoffman sur des projets de vid\u00e9o danse. En 2016, elle rejoint l\u2019\u00e9quipe de SOMA, les performances audio-tactiles. En 2017, elle cr\u00e9e avec Yasmine Blum, la performance <em>Krounch Krounch<\/em> pr\u00e9sent\u00e9e au CIAM.<\/p>\n<h3 style=\"text-align: justify;\">TRISTAN TREINS \u2013 R\u00e9gisseur \/ Performeur<\/h3>\n<p style=\"text-align: justify;\">Constructeur et bidouilleur sonore, il aime les larsens autant que les d\u00e9fis pratiques. R\u00e9gisseur tout terrain, il travaille le son de longue date. De 2000 \u00e0 2004, il co-fonde et prend la direction artistique des festivals <em>Jeunes Pousses<\/em> et <em>Ceux d&rsquo;en Face<\/em> au sein de l&rsquo;association Animakt. En 2005, il int\u00e8gre Le GRT, collectif de danseurs, plasticiens et musiciens. De 2007 \u00e0 2009, il collabore avec le Collectif Ornic&rsquo;art. De 2008 \u00e0 2010, il danse et construit pour La M\u00e9canique C\u00e9leste. De 2009 \u00e0 2010, il intervient dans le projet <em>M&rsquo;aime pas mal<\/em> d&rsquo;H\u00e9l\u00e8ne Sanier. Depuis 2010, il officie dans Tout De Suite, en tant qu&rsquo; \u00e9clairagiste, et r\u00e9gisseur. Dans Keruda Panter et le collectif La Ferme De La Justice, il est aux machines sonores et \u00e0 la performance. Il co-fonde le festival <em>La Ferme Electrique<\/em>, au sein de l&rsquo;association Fortunella, et en assure la r\u00e9gie g\u00e9n\u00e9rale.<\/p>\n","protected":false},"excerpt":{"rendered":"<p>NICOLAS GUENIAU &#8211; Architecte \/ Sc\u00e9nographe \/ Costumier Dipl\u00f4m\u00e9 de l\u2019Ecole Nationale Sup\u00e9rieure d\u2019Architecture de Paris Belleville en 2007 et de l\u2019Ecole du Th\u00e9\u00e2tre National de Strasbourg (promotion 2010, section sc\u00e9nographie-costumes). Depuis 2010 il travaille alternativement pour le th\u00e9\u00e2tre, l&rsquo;op\u00e9ra&#8230;<\/p>\n","protected":false},"author":2,"featured_media":0,"parent":0,"menu_order":0,"comment_status":"closed","ping_status":"open","template":"","meta":[],"_links":{"self":[{"href":"https:\/\/www.laconflagration.com\/GOOB\/wp-json\/wp\/v2\/pages\/377"}],"collection":[{"href":"https:\/\/www.laconflagration.com\/GOOB\/wp-json\/wp\/v2\/pages"}],"about":[{"href":"https:\/\/www.laconflagration.com\/GOOB\/wp-json\/wp\/v2\/types\/page"}],"author":[{"embeddable":true,"href":"https:\/\/www.laconflagration.com\/GOOB\/wp-json\/wp\/v2\/users\/2"}],"replies":[{"embeddable":true,"href":"https:\/\/www.laconflagration.com\/GOOB\/wp-json\/wp\/v2\/comments?post=377"}],"version-history":[{"count":7,"href":"https:\/\/www.laconflagration.com\/GOOB\/wp-json\/wp\/v2\/pages\/377\/revisions"}],"predecessor-version":[{"id":386,"href":"https:\/\/www.laconflagration.com\/GOOB\/wp-json\/wp\/v2\/pages\/377\/revisions\/386"}],"wp:attachment":[{"href":"https:\/\/www.laconflagration.com\/GOOB\/wp-json\/wp\/v2\/media?parent=377"}],"curies":[{"name":"wp","href":"https:\/\/api.w.org\/{rel}","templated":true}]}}